{"id":14227,"date":"2023-09-14T11:19:33","date_gmt":"2023-09-14T11:19:33","guid":{"rendered":"https:\/\/www.centrocliniconemo.it\/?page_id=14227"},"modified":"2026-02-18T08:51:15","modified_gmt":"2026-02-18T08:51:15","slug":"donazione-in-memoria","status":"publish","type":"page","link":"https:\/\/www.centrocliniconemo.it\/en\/sostienici\/donazione-in-memoria\/","title":{"rendered":"Donazione in memoria"},"content":{"rendered":"\t\t<div data-elementor-type=\"wp-page\" data-elementor-id=\"14227\" class=\"elementor elementor-14227\" data-elementor-post-type=\"page\">\n\t\t\t\t<div class=\"elementor-element elementor-element-5a7f8af e-con-full e-flex e-con e-parent\" data-id=\"5a7f8af\" data-element_type=\"container\" data-e-type=\"container\" data-settings=\"{&quot;background_background&quot;:&quot;classic&quot;}\">\n\t\t<div class=\"elementor-element elementor-element-7bed39f e-con-full e-flex e-con e-child\" data-id=\"7bed39f\" data-element_type=\"container\" data-e-type=\"container\">\n\t\t\t\t<div class=\"elementor-element elementor-element-a8192e1 elementor-widget__width-initial elementor-widget-laptop__width-initial elementor-widget elementor-widget-heading\" data-id=\"a8192e1\" data-element_type=\"widget\" data-e-type=\"widget\" data-widget_type=\"heading.default\">\n\t\t\t\t<div class=\"elementor-widget-container\">\n\t\t\t\t\t<h1 class=\"elementor-heading-title elementor-size-default\">Donazione in memoria<\/h1>\t\t\t\t<\/div>\n\t\t\t\t<\/div>\n\t\t\t\t<div class=\"elementor-element elementor-element-b05da2c elementor-widget elementor-widget-text-editor\" data-id=\"b05da2c\" data-element_type=\"widget\" data-e-type=\"widget\" data-widget_type=\"text-editor.default\">\n\t\t\t\t<div class=\"elementor-widget-container\">\n\t\t\t\t\t\t\t\t\t<p>Ricorda una persona cara con <strong>un gesto speciale che rester\u00e0 nel temp<\/strong>o, il suo ricordo vivr\u00e0 nelle persone che curiamo ogni giorno.\u00a0<\/p>\t\t\t\t\t\t\t\t<\/div>\n\t\t\t\t<\/div>\n\t\t\t\t<\/div>\n\t\t\t\t<\/div>\n\t\t<div class=\"elementor-element elementor-element-e26ab4a e-con-full e-flex e-con e-parent\" data-id=\"e26ab4a\" data-element_type=\"container\" data-e-type=\"container\">\n\t\t\t\t<div class=\"elementor-element elementor-element-2df4838 elementor-widget__width-initial elementor-widget elementor-widget-image\" data-id=\"2df4838\" data-element_type=\"widget\" data-e-type=\"widget\" data-widget_type=\"image.default\">\n\t\t\t\t<div class=\"elementor-widget-container\">\n\t\t\t\t\t\t\t\t\t\t\t\t\t\t\t<img decoding=\"async\" width=\"138\" height=\"115\" src=\"https:\/\/www.centrocliniconemo.it\/wp-content\/uploads\/2023\/05\/icona-donazione-in-memoria.svg\" class=\"attachment-large size-large wp-image-16348\" alt=\"\" \/>\t\t\t\t\t\t\t\t\t\t\t\t\t\t\t<\/div>\n\t\t\t\t<\/div>\n\t\t<div class=\"elementor-element elementor-element-553eaf3 e-con-full e-flex e-con e-child\" data-id=\"553eaf3\" data-element_type=\"container\" data-e-type=\"container\" data-settings=\"{&quot;background_background&quot;:&quot;classic&quot;}\">\n\t\t\t\t<div class=\"elementor-element elementor-element-d043aa2 elementor-widget elementor-widget-heading\" data-id=\"d043aa2\" data-element_type=\"widget\" data-e-type=\"widget\" data-widget_type=\"heading.default\">\n\t\t\t\t<div class=\"elementor-widget-container\">\n\t\t\t\t\t<h2 class=\"elementor-heading-title elementor-size-default\">Un gesto che rester\u00e0 nel tempo.<\/h2>\t\t\t\t<\/div>\n\t\t\t\t<\/div>\n\t\t\t\t<div class=\"elementor-element elementor-element-5f31afe elementor-widget elementor-widget-text-editor\" data-id=\"5f31afe\" data-element_type=\"widget\" data-e-type=\"widget\" data-widget_type=\"text-editor.default\">\n\t\t\t\t<div class=\"elementor-widget-container\">\n\t\t\t\t\t\t\t\t\t<p>Una donazione in memoria \u00e8 un gesto altruistico e commovente, che <strong>onora il ricordo di una persona cara e sostiene i valori in cui credeva<\/strong>.<\/p><p>Con una donazione in memoria a Centro Clinico NeMO <strong>ci aiuterai a portare avanti la ricerca scientifica e ci permetterai di stare accanto alle persone che vivono con una malattia neuromuscolare<\/strong> fornendo tutta la cura e il supporto di cui hanno bisogno.<\/p>\t\t\t\t\t\t\t\t<\/div>\n\t\t\t\t<\/div>\n\t\t\t\t<div class=\"elementor-element elementor-element-4c86377 elementor-widget elementor-widget-toggle\" data-id=\"4c86377\" data-element_type=\"widget\" data-e-type=\"widget\" data-widget_type=\"toggle.default\">\n\t\t\t\t<div class=\"elementor-widget-container\">\n\t\t\t\t\t\t\t<div class=\"elementor-toggle\">\n\t\t\t\t\t\t\t<div class=\"elementor-toggle-item\">\n\t\t\t\t\t<h5 id=\"elementor-tab-title-8021\" class=\"elementor-tab-title\" data-tab=\"1\" role=\"button\" aria-controls=\"elementor-tab-content-8021\" aria-expanded=\"false\">\n\t\t\t\t\t\t\t\t\t\t\t\t<span class=\"elementor-toggle-icon elementor-toggle-icon-left\" aria-hidden=\"true\">\n\t\t\t\t\t\t\t\t\t\t\t\t\t\t\t<span class=\"elementor-toggle-icon-closed\"><svg xmlns=\"http:\/\/www.w3.org\/2000\/svg\" width=\"14.25\" height=\"7\" viewBox=\"0 0 14.25 7\"><path id=\"Unione_5\" data-name=\"Unione 5\" d=\"M0,3.5A3.448,3.448,0,0,1,3.393,0,3.442,3.442,0,0,1,6.782,3.325H14.25v.35H6.782A3.442,3.442,0,0,1,3.393,7,3.448,3.448,0,0,1,0,3.5Z\" fill=\"#373636\"><\/path><\/svg><\/span>\n\t\t\t\t\t\t\t\t<span class=\"elementor-toggle-icon-opened\"><svg xmlns=\"http:\/\/www.w3.org\/2000\/svg\" width=\"14.25\" height=\"7\" viewBox=\"0 0 14.25 7\"><path id=\"Unione_5\" data-name=\"Unione 5\" d=\"M0,3.5A3.448,3.448,0,0,1,3.393,0,3.442,3.442,0,0,1,6.782,3.325H14.25v.35H6.782A3.442,3.442,0,0,1,3.393,7,3.448,3.448,0,0,1,0,3.5Z\" fill=\"#373636\"><\/path><\/svg><\/span>\n\t\t\t\t\t\t\t\t\t\t\t\t\t<\/span>\n\t\t\t\t\t\t\t\t\t\t\t\t<a class=\"elementor-toggle-title\" tabindex=\"0\">Cos'\u00e8 una donazione in memoria?<\/a>\n\t\t\t\t\t<\/h5>\n\n\t\t\t\t\t<div id=\"elementor-tab-content-8021\" class=\"elementor-tab-content elementor-clearfix\" data-tab=\"1\" role=\"region\" aria-labelledby=\"elementor-tab-title-8021\"><p>Una donazione in memoria \u00e8 un contributo finanziario che puoi fare in onore della memoria di una persona a te cara che \u00e8 mancata. \u00c8 un modo significativo per commemorare il suo ricordo e sostenere una causa importante e i valori in cui credeva.<\/p><\/div>\n\t\t\t\t<\/div>\n\t\t\t\t\t\t\t<div class=\"elementor-toggle-item\">\n\t\t\t\t\t<h5 id=\"elementor-tab-title-8022\" class=\"elementor-tab-title\" data-tab=\"2\" role=\"button\" aria-controls=\"elementor-tab-content-8022\" aria-expanded=\"false\">\n\t\t\t\t\t\t\t\t\t\t\t\t<span class=\"elementor-toggle-icon elementor-toggle-icon-left\" aria-hidden=\"true\">\n\t\t\t\t\t\t\t\t\t\t\t\t\t\t\t<span class=\"elementor-toggle-icon-closed\"><svg xmlns=\"http:\/\/www.w3.org\/2000\/svg\" width=\"14.25\" height=\"7\" viewBox=\"0 0 14.25 7\"><path id=\"Unione_5\" data-name=\"Unione 5\" d=\"M0,3.5A3.448,3.448,0,0,1,3.393,0,3.442,3.442,0,0,1,6.782,3.325H14.25v.35H6.782A3.442,3.442,0,0,1,3.393,7,3.448,3.448,0,0,1,0,3.5Z\" fill=\"#373636\"><\/path><\/svg><\/span>\n\t\t\t\t\t\t\t\t<span class=\"elementor-toggle-icon-opened\"><svg xmlns=\"http:\/\/www.w3.org\/2000\/svg\" width=\"14.25\" height=\"7\" viewBox=\"0 0 14.25 7\"><path id=\"Unione_5\" data-name=\"Unione 5\" d=\"M0,3.5A3.448,3.448,0,0,1,3.393,0,3.442,3.442,0,0,1,6.782,3.325H14.25v.35H6.782A3.442,3.442,0,0,1,3.393,7,3.448,3.448,0,0,1,0,3.5Z\" fill=\"#373636\"><\/path><\/svg><\/span>\n\t\t\t\t\t\t\t\t\t\t\t\t\t<\/span>\n\t\t\t\t\t\t\t\t\t\t\t\t<a class=\"elementor-toggle-title\" tabindex=\"0\">Come posso fare una donazione in memoria di una persona cara?<\/a>\n\t\t\t\t\t<\/h5>\n\n\t\t\t\t\t<div id=\"elementor-tab-content-8022\" class=\"elementor-tab-content elementor-clearfix\" data-tab=\"2\" role=\"region\" aria-labelledby=\"elementor-tab-title-8022\"><p>Nella nostra pagina dedicata alle donazioni potrai effettuare la tua donazione in memoria. Baster\u00e0 compilare i campi richiesti, potrai anche selezionare se destinare la tua donazione alle attivit\u00e0 di tutta la Fondazione o a un Centro Clinico specifico.<\/p><\/div>\n\t\t\t\t<\/div>\n\t\t\t\t\t\t\t<div class=\"elementor-toggle-item\">\n\t\t\t\t\t<h5 id=\"elementor-tab-title-8023\" class=\"elementor-tab-title\" data-tab=\"3\" role=\"button\" aria-controls=\"elementor-tab-content-8023\" aria-expanded=\"false\">\n\t\t\t\t\t\t\t\t\t\t\t\t<span class=\"elementor-toggle-icon elementor-toggle-icon-left\" aria-hidden=\"true\">\n\t\t\t\t\t\t\t\t\t\t\t\t\t\t\t<span class=\"elementor-toggle-icon-closed\"><svg xmlns=\"http:\/\/www.w3.org\/2000\/svg\" width=\"14.25\" height=\"7\" viewBox=\"0 0 14.25 7\"><path id=\"Unione_5\" data-name=\"Unione 5\" d=\"M0,3.5A3.448,3.448,0,0,1,3.393,0,3.442,3.442,0,0,1,6.782,3.325H14.25v.35H6.782A3.442,3.442,0,0,1,3.393,7,3.448,3.448,0,0,1,0,3.5Z\" fill=\"#373636\"><\/path><\/svg><\/span>\n\t\t\t\t\t\t\t\t<span class=\"elementor-toggle-icon-opened\"><svg xmlns=\"http:\/\/www.w3.org\/2000\/svg\" width=\"14.25\" height=\"7\" viewBox=\"0 0 14.25 7\"><path id=\"Unione_5\" data-name=\"Unione 5\" d=\"M0,3.5A3.448,3.448,0,0,1,3.393,0,3.442,3.442,0,0,1,6.782,3.325H14.25v.35H6.782A3.442,3.442,0,0,1,3.393,7,3.448,3.448,0,0,1,0,3.5Z\" fill=\"#373636\"><\/path><\/svg><\/span>\n\t\t\t\t\t\t\t\t\t\t\t\t\t<\/span>\n\t\t\t\t\t\t\t\t\t\t\t\t<a class=\"elementor-toggle-title\" tabindex=\"0\">Perch\u00e9 dovrei fare una donazione in memoria a favore di Centro Clinico NeMO?<\/a>\n\t\t\t\t\t<\/h5>\n\n\t\t\t\t\t<div id=\"elementor-tab-content-8023\" class=\"elementor-tab-content elementor-clearfix\" data-tab=\"3\" role=\"region\" aria-labelledby=\"elementor-tab-title-8023\"><p>Fare una donazione in memoria permette di onorare la persona cara attraverso un gesto significativo che contribuisce a una causa che era importante per lei. Scegliendo Centro Clinico NeMO per la tua donazione in memoria contribuirai alla ricerca scientifica e alla cura dedicata alle persone con malattie neuromuscolari e alle loro famiglie.<\/p><\/div>\n\t\t\t\t<\/div>\n\t\t\t\t\t\t\t<div class=\"elementor-toggle-item\">\n\t\t\t\t\t<h5 id=\"elementor-tab-title-8024\" class=\"elementor-tab-title\" data-tab=\"4\" role=\"button\" aria-controls=\"elementor-tab-content-8024\" aria-expanded=\"false\">\n\t\t\t\t\t\t\t\t\t\t\t\t<span class=\"elementor-toggle-icon elementor-toggle-icon-left\" aria-hidden=\"true\">\n\t\t\t\t\t\t\t\t\t\t\t\t\t\t\t<span class=\"elementor-toggle-icon-closed\"><svg xmlns=\"http:\/\/www.w3.org\/2000\/svg\" width=\"14.25\" height=\"7\" viewBox=\"0 0 14.25 7\"><path id=\"Unione_5\" data-name=\"Unione 5\" d=\"M0,3.5A3.448,3.448,0,0,1,3.393,0,3.442,3.442,0,0,1,6.782,3.325H14.25v.35H6.782A3.442,3.442,0,0,1,3.393,7,3.448,3.448,0,0,1,0,3.5Z\" fill=\"#373636\"><\/path><\/svg><\/span>\n\t\t\t\t\t\t\t\t<span class=\"elementor-toggle-icon-opened\"><svg xmlns=\"http:\/\/www.w3.org\/2000\/svg\" width=\"14.25\" height=\"7\" viewBox=\"0 0 14.25 7\"><path id=\"Unione_5\" data-name=\"Unione 5\" d=\"M0,3.5A3.448,3.448,0,0,1,3.393,0,3.442,3.442,0,0,1,6.782,3.325H14.25v.35H6.782A3.442,3.442,0,0,1,3.393,7,3.448,3.448,0,0,1,0,3.5Z\" fill=\"#373636\"><\/path><\/svg><\/span>\n\t\t\t\t\t\t\t\t\t\t\t\t\t<\/span>\n\t\t\t\t\t\t\t\t\t\t\t\t<a class=\"elementor-toggle-title\" tabindex=\"0\">Quali tipi di donazioni posso fare in memoria?<\/a>\n\t\t\t\t\t<\/h5>\n\n\t\t\t\t\t<div id=\"elementor-tab-content-8024\" class=\"elementor-tab-content elementor-clearfix\" data-tab=\"4\" role=\"region\" aria-labelledby=\"elementor-tab-title-8024\"><p>Puoi fare donazioni in memoria sia in forma di denaro che in beni tangibili, come ad esempio donazioni di propriet\u00e0, macchinari medici o altri tipi di attivit\u00e0. Per le donazioni in denaro puoi visitare <strong><a href=\"https:\/\/sostieni.centrocliniconemo.it\/?act=cplt&amp;tipo=0&amp;ripe=0&amp;cade=0&amp;dona=2&amp;origine=sito-web-sezione-lasciti\">la nostra pagina dedicata<\/a><\/strong>, per altri tipi di donazioni puoi contattarci utilizzando il form che troverai al fondo di questa pagina.<\/p><\/div>\n\t\t\t\t<\/div>\n\t\t\t\t\t\t\t<div class=\"elementor-toggle-item\">\n\t\t\t\t\t<h5 id=\"elementor-tab-title-8025\" class=\"elementor-tab-title\" data-tab=\"5\" role=\"button\" aria-controls=\"elementor-tab-content-8025\" aria-expanded=\"false\">\n\t\t\t\t\t\t\t\t\t\t\t\t<span class=\"elementor-toggle-icon elementor-toggle-icon-left\" aria-hidden=\"true\">\n\t\t\t\t\t\t\t\t\t\t\t\t\t\t\t<span class=\"elementor-toggle-icon-closed\"><svg xmlns=\"http:\/\/www.w3.org\/2000\/svg\" width=\"14.25\" height=\"7\" viewBox=\"0 0 14.25 7\"><path id=\"Unione_5\" data-name=\"Unione 5\" d=\"M0,3.5A3.448,3.448,0,0,1,3.393,0,3.442,3.442,0,0,1,6.782,3.325H14.25v.35H6.782A3.442,3.442,0,0,1,3.393,7,3.448,3.448,0,0,1,0,3.5Z\" fill=\"#373636\"><\/path><\/svg><\/span>\n\t\t\t\t\t\t\t\t<span class=\"elementor-toggle-icon-opened\"><svg xmlns=\"http:\/\/www.w3.org\/2000\/svg\" width=\"14.25\" height=\"7\" viewBox=\"0 0 14.25 7\"><path id=\"Unione_5\" data-name=\"Unione 5\" d=\"M0,3.5A3.448,3.448,0,0,1,3.393,0,3.442,3.442,0,0,1,6.782,3.325H14.25v.35H6.782A3.442,3.442,0,0,1,3.393,7,3.448,3.448,0,0,1,0,3.5Z\" fill=\"#373636\"><\/path><\/svg><\/span>\n\t\t\t\t\t\t\t\t\t\t\t\t\t<\/span>\n\t\t\t\t\t\t\t\t\t\t\t\t<a class=\"elementor-toggle-title\" tabindex=\"0\">Posso fare una donazione in memoria online?<\/a>\n\t\t\t\t\t<\/h5>\n\n\t\t\t\t\t<div id=\"elementor-tab-content-8025\" class=\"elementor-tab-content elementor-clearfix\" data-tab=\"5\" role=\"region\" aria-labelledby=\"elementor-tab-title-8025\"><p>S\u00ec, sulla nostra <a href=\"https:\/\/sostieni.centrocliniconemo.it\/?act=cplt&amp;tipo=0&amp;ripe=0&amp;cade=0&amp;dona=2&amp;origine=sito-web-sezione-lasciti\" data-wplink-edit=\"true\"><span style=\"text-decoration: underline;\">pagina dedicata<\/span><\/a>\u00a0avrai la possibilit\u00e0 di fornire i dettagli necessari ed effettuare la donazione in modo semplice e sicuro.<\/p><\/div>\n\t\t\t\t<\/div>\n\t\t\t\t\t\t\t<div class=\"elementor-toggle-item\">\n\t\t\t\t\t<h5 id=\"elementor-tab-title-8026\" class=\"elementor-tab-title\" data-tab=\"6\" role=\"button\" aria-controls=\"elementor-tab-content-8026\" aria-expanded=\"false\">\n\t\t\t\t\t\t\t\t\t\t\t\t<span class=\"elementor-toggle-icon elementor-toggle-icon-left\" aria-hidden=\"true\">\n\t\t\t\t\t\t\t\t\t\t\t\t\t\t\t<span class=\"elementor-toggle-icon-closed\"><svg xmlns=\"http:\/\/www.w3.org\/2000\/svg\" width=\"14.25\" height=\"7\" viewBox=\"0 0 14.25 7\"><path id=\"Unione_5\" data-name=\"Unione 5\" d=\"M0,3.5A3.448,3.448,0,0,1,3.393,0,3.442,3.442,0,0,1,6.782,3.325H14.25v.35H6.782A3.442,3.442,0,0,1,3.393,7,3.448,3.448,0,0,1,0,3.5Z\" fill=\"#373636\"><\/path><\/svg><\/span>\n\t\t\t\t\t\t\t\t<span class=\"elementor-toggle-icon-opened\"><svg xmlns=\"http:\/\/www.w3.org\/2000\/svg\" width=\"14.25\" height=\"7\" viewBox=\"0 0 14.25 7\"><path id=\"Unione_5\" data-name=\"Unione 5\" d=\"M0,3.5A3.448,3.448,0,0,1,3.393,0,3.442,3.442,0,0,1,6.782,3.325H14.25v.35H6.782A3.442,3.442,0,0,1,3.393,7,3.448,3.448,0,0,1,0,3.5Z\" fill=\"#373636\"><\/path><\/svg><\/span>\n\t\t\t\t\t\t\t\t\t\t\t\t\t<\/span>\n\t\t\t\t\t\t\t\t\t\t\t\t<a class=\"elementor-toggle-title\" tabindex=\"0\">Ricever\u00f2 una ricevuta fiscale per la mia donazione in memoria?<\/a>\n\t\t\t\t\t<\/h5>\n\n\t\t\t\t\t<div id=\"elementor-tab-content-8026\" class=\"elementor-tab-content elementor-clearfix\" data-tab=\"6\" role=\"region\" aria-labelledby=\"elementor-tab-title-8026\"><p>Certo, assicurati di fornire le informazioni richieste per la ricevuta durante il processo di donazione, in modo da poterla utilizzare per usufruire dei benefici fiscali previsti in fase di dichiarazione dei redditi.<\/p><\/div>\n\t\t\t\t<\/div>\n\t\t\t\t\t\t\t\t<\/div>\n\t\t\t\t\t\t<\/div>\n\t\t\t\t<\/div>\n\t\t\t\t<div class=\"elementor-element elementor-element-8e40855 elementor-widget elementor-widget-text-editor\" data-id=\"8e40855\" data-element_type=\"widget\" data-e-type=\"widget\" data-widget_type=\"text-editor.default\">\n\t\t\t\t<div class=\"elementor-widget-container\">\n\t\t\t\t\t\t\t\t\t<p>Per qualsiasi dubbio siamo a tua disposizione. <br \/>Puoi contattare Paola Tomasi, Responsabile Raccolta Fondi e Progetti che risponder\u00e0 a ogni tua domanda.<\/p>\t\t\t\t\t\t\t\t<\/div>\n\t\t\t\t<\/div>\n\t\t\t\t<div class=\"elementor-element elementor-element-078741f elementor-widget elementor-widget-heading\" data-id=\"078741f\" data-element_type=\"widget\" data-e-type=\"widget\" data-widget_type=\"heading.default\">\n\t\t\t\t<div class=\"elementor-widget-container\">\n\t\t\t\t\t<h3 class=\"elementor-heading-title elementor-size-default\">Fai una donazione in memoria.<\/h3>\t\t\t\t<\/div>\n\t\t\t\t<\/div>\n\t\t\t\t<div class=\"elementor-element elementor-element-8214488 elementor-mobile-align-left elementor-align-left home-cost-donate elementor-widget elementor-widget-button\" data-id=\"8214488\" data-element_type=\"widget\" data-e-type=\"widget\" data-widget_type=\"button.default\">\n\t\t\t\t<div class=\"elementor-widget-container\">\n\t\t\t\t\t\t\t\t\t<div class=\"elementor-button-wrapper\">\n\t\t\t\t\t<a class=\"elementor-button elementor-button-link elementor-size-sm\" href=\"https:\/\/sostieni.centrocliniconemo.it\/inmemoria25\/\" target=\"_blank\">\n\t\t\t\t\t\t<span class=\"elementor-button-content-wrapper\">\n\t\t\t\t\t\t\t\t\t<span class=\"elementor-button-text\">DONA ORA<\/span>\n\t\t\t\t\t<\/span>\n\t\t\t\t\t<\/a>\n\t\t\t\t<\/div>\n\t\t\t\t\t\t\t\t<\/div>\n\t\t\t\t<\/div>\n\t\t\t\t<\/div>\n\t\t\t\t<\/div>\n\t\t<div class=\"elementor-element elementor-element-6156d9f e-con-full e-flex e-con e-parent\" data-id=\"6156d9f\" data-element_type=\"container\" data-e-type=\"container\" data-settings=\"{&quot;background_background&quot;:&quot;gradient&quot;}\">\n\t\t<div class=\"elementor-element elementor-element-f7a753f e-con-full e-flex e-con e-child\" data-id=\"f7a753f\" data-element_type=\"container\" data-e-type=\"container\">\n\t\t<div class=\"elementor-element elementor-element-5b46af1 e-flex e-con-boxed e-con e-child\" data-id=\"5b46af1\" data-element_type=\"container\" data-e-type=\"container\" data-settings=\"{&quot;sticky&quot;:&quot;top&quot;,&quot;sticky_parent&quot;:&quot;yes&quot;,&quot;sticky_offset&quot;:150,&quot;sticky_on&quot;:[&quot;widescreen&quot;,&quot;desktop&quot;,&quot;laptop&quot;,&quot;tablet_extra&quot;,&quot;tablet&quot;,&quot;mobile_extra&quot;,&quot;mobile&quot;],&quot;sticky_effects_offset&quot;:0,&quot;sticky_anchor_link_offset&quot;:0}\">\n\t\t\t\t\t<div class=\"e-con-inner\">\n\t\t\t\t<div class=\"elementor-element elementor-element-00f56a2 elementor-widget elementor-widget-heading\" data-id=\"00f56a2\" data-element_type=\"widget\" data-e-type=\"widget\" data-widget_type=\"heading.default\">\n\t\t\t\t<div class=\"elementor-widget-container\">\n\t\t\t\t\t<h2 class=\"elementor-heading-title elementor-size-default\">Richiedi informazioni<\/h2>\t\t\t\t<\/div>\n\t\t\t\t<\/div>\n\t\t<div class=\"elementor-element elementor-element-22187ec e-con-full e-flex e-con e-child\" data-id=\"22187ec\" data-element_type=\"container\" data-e-type=\"container\">\n\t\t\t\t<div class=\"elementor-element elementor-element-59d5e8f elementor-widget-tablet_extra__width-initial elementor-widget__width-initial elementor-widget elementor-widget-image\" data-id=\"59d5e8f\" data-element_type=\"widget\" data-e-type=\"widget\" data-widget_type=\"image.default\">\n\t\t\t\t<div class=\"elementor-widget-container\">\n\t\t\t\t\t\t\t\t\t\t\t\t\t\t\t<img fetchpriority=\"high\" decoding=\"async\" width=\"800\" height=\"800\" src=\"https:\/\/www.centrocliniconemo.it\/wp-content\/uploads\/2023\/10\/emma-ferrari.jpg\" class=\"attachment-full size-full wp-image-20069\" alt=\"\" srcset=\"https:\/\/www.centrocliniconemo.it\/wp-content\/uploads\/2023\/10\/emma-ferrari.jpg 800w, https:\/\/www.centrocliniconemo.it\/wp-content\/uploads\/2023\/10\/emma-ferrari-300x300.jpg 300w, https:\/\/www.centrocliniconemo.it\/wp-content\/uploads\/2023\/10\/emma-ferrari-150x150.jpg 150w, https:\/\/www.centrocliniconemo.it\/wp-content\/uploads\/2023\/10\/emma-ferrari-768x768.jpg 768w\" sizes=\"(max-width: 800px) 100vw, 800px\" \/>\t\t\t\t\t\t\t\t\t\t\t\t\t\t\t<\/div>\n\t\t\t\t<\/div>\n\t\t\t\t<div class=\"elementor-element elementor-element-6775323 elementor-widget-mobile_extra__width-initial elementor-widget elementor-widget-text-editor\" data-id=\"6775323\" data-element_type=\"widget\" data-e-type=\"widget\" data-widget_type=\"text-editor.default\">\n\t\t\t\t<div class=\"elementor-widget-container\">\n\t\t\t\t\t\t\t\t\t<p>Ciao, sono Emma Ferrari.<\/p><p>Scrivimi per informazioni sulle donazioni in ricordo di una persona cara.<\/p><p><strong>Il suo ricordo vivr\u00e0 nelle persone che curiamo ogni giorno.<\/strong><\/p>\t\t\t\t\t\t\t\t<\/div>\n\t\t\t\t<\/div>\n\t\t\t\t<\/div>\n\t\t\t\t\t<\/div>\n\t\t\t\t<\/div>\n\t\t\t\t<\/div>\n\t\t<div class=\"elementor-element elementor-element-69ed052 e-con-full e-flex e-con e-child\" data-id=\"69ed052\" data-element_type=\"container\" data-e-type=\"container\">\n\t\t\t\t<div class=\"elementor-element elementor-element-0c6e3fb elementor-button-align-stretch elementor-widget elementor-widget-form\" data-id=\"0c6e3fb\" data-element_type=\"widget\" data-e-type=\"widget\" data-settings=\"{&quot;step_next_label&quot;:&quot;Successivo&quot;,&quot;step_previous_label&quot;:&quot;Precedente&quot;,&quot;button_width&quot;:&quot;100&quot;,&quot;step_type&quot;:&quot;number_text&quot;,&quot;step_icon_shape&quot;:&quot;circle&quot;}\" data-widget_type=\"form.default\">\n\t\t\t\t<div class=\"elementor-widget-container\">\n\t\t\t\t\t\t\t<form class=\"elementor-form\" method=\"post\" id=\"formcontattinemo\" name=\"Contatti Come sostenerci - Donazione in memoria\" aria-label=\"Contatti Come sostenerci - Donazione in memoria\">\n\t\t\t<input type=\"hidden\" name=\"post_id\" value=\"14227\"\/>\n\t\t\t<input type=\"hidden\" name=\"form_id\" value=\"0c6e3fb\"\/>\n\t\t\t<input type=\"hidden\" name=\"referer_title\" value=\"Centro Clinico NeMO\" \/>\n\n\t\t\t\n\t\t\t<div class=\"elementor-form-fields-wrapper elementor-labels-above\">\n\t\t\t\t\t\t\t\t<div class=\"elementor-field-type-radio elementor-field-group elementor-column elementor-field-group-privato_gruppo_azienda elementor-col-100 elementor-field-required elementor-mark-required\">\n\t\t\t\t\t\t\t\t\t\t\t\t<label for=\"form-field-privato_gruppo_azienda\" class=\"elementor-field-label\">\n\t\t\t\t\t\t\t\tDonazione da privato, gruppo o azienda?\t\t\t\t\t\t\t<\/label>\n\t\t\t\t\t\t<div class=\"elementor-field-subgroup  elementor-subgroup-inline\"><span class=\"elementor-field-option\"><input type=\"radio\" value=\"Privato\" id=\"form-field-privato_gruppo_azienda-0\" name=\"form_fields[privato_gruppo_azienda]\" required=\"required\"> <label for=\"form-field-privato_gruppo_azienda-0\">Privato<\/label><\/span><span class=\"elementor-field-option\"><input type=\"radio\" value=\"Gruppo\" id=\"form-field-privato_gruppo_azienda-1\" name=\"form_fields[privato_gruppo_azienda]\" required=\"required\"> <label for=\"form-field-privato_gruppo_azienda-1\">Gruppo<\/label><\/span><span class=\"elementor-field-option\"><input type=\"radio\" value=\"Azienda\" id=\"form-field-privato_gruppo_azienda-2\" name=\"form_fields[privato_gruppo_azienda]\" required=\"required\"> <label for=\"form-field-privato_gruppo_azienda-2\">Azienda<\/label><\/span><\/div>\t\t\t\t<\/div>\n\t\t\t\t\t\t\t\t<div class=\"elementor-field-type-text elementor-field-group elementor-column elementor-field-group-nomecontatti elementor-col-100\">\n\t\t\t\t\t\t\t\t\t\t\t\t<label for=\"form-field-nomecontatti\" class=\"elementor-field-label\">\n\t\t\t\t\t\t\t\tSe hai scelto gruppo o azienda\t\t\t\t\t\t\t<\/label>\n\t\t\t\t\t\t\t\t\t\t\t\t\t\t<input size=\"1\" type=\"text\" name=\"form_fields[nomecontatti]\" id=\"form-field-nomecontatti\" class=\"elementor-field elementor-size-md  elementor-field-textual\" placeholder=\"Nome gruppo o nome azienda\">\n\t\t\t\t\t\t\t\t\t\t\t<\/div>\n\t\t\t\t\t\t\t\t<div class=\"elementor-field-type-text elementor-field-group elementor-column elementor-field-group-field_c04463e elementor-col-50 elementor-field-required elementor-mark-required\">\n\t\t\t\t\t\t\t\t\t\t\t\t<label for=\"form-field-field_c04463e\" class=\"elementor-field-label\">\n\t\t\t\t\t\t\t\tNome\t\t\t\t\t\t\t<\/label>\n\t\t\t\t\t\t\t\t\t\t\t\t\t\t<input size=\"1\" type=\"text\" name=\"form_fields[field_c04463e]\" id=\"form-field-field_c04463e\" class=\"elementor-field elementor-size-md  elementor-field-textual\" placeholder=\"Nome\" required=\"required\">\n\t\t\t\t\t\t\t\t\t\t\t<\/div>\n\t\t\t\t\t\t\t\t<div class=\"elementor-field-type-text elementor-field-group elementor-column elementor-field-group-cognomecontatti elementor-col-50 elementor-field-required elementor-mark-required\">\n\t\t\t\t\t\t\t\t\t\t\t\t<label for=\"form-field-cognomecontatti\" class=\"elementor-field-label\">\n\t\t\t\t\t\t\t\tCognome\t\t\t\t\t\t\t<\/label>\n\t\t\t\t\t\t\t\t\t\t\t\t\t\t<input size=\"1\" type=\"text\" name=\"form_fields[cognomecontatti]\" id=\"form-field-cognomecontatti\" class=\"elementor-field elementor-size-md  elementor-field-textual\" placeholder=\"Cognome\" required=\"required\">\n\t\t\t\t\t\t\t\t\t\t\t<\/div>\n\t\t\t\t\t\t\t\t<div class=\"elementor-field-type-tel elementor-field-group elementor-column elementor-field-group-field_0e6219a elementor-col-50 elementor-field-required elementor-mark-required\">\n\t\t\t\t\t\t\t\t\t\t\t\t<label for=\"form-field-field_0e6219a\" class=\"elementor-field-label\">\n\t\t\t\t\t\t\t\tTelefono\t\t\t\t\t\t\t<\/label>\n\t\t\t\t\t\t\t\t<input size=\"1\" type=\"tel\" name=\"form_fields[field_0e6219a]\" id=\"form-field-field_0e6219a\" class=\"elementor-field elementor-size-md  elementor-field-textual\" placeholder=\"Telefono\" required=\"required\" pattern=\"[0-9()#&amp;+*-=.]+\" title=\"Only numbers and phone characters (#, -, *, etc) are accepted.\">\n\n\t\t\t\t\t\t<\/div>\n\t\t\t\t\t\t\t\t<div class=\"elementor-field-type-email elementor-field-group elementor-column elementor-field-group-emailcontatti elementor-col-50 elementor-field-required elementor-mark-required\">\n\t\t\t\t\t\t\t\t\t\t\t\t<label for=\"form-field-emailcontatti\" class=\"elementor-field-label\">\n\t\t\t\t\t\t\t\tEmail\t\t\t\t\t\t\t<\/label>\n\t\t\t\t\t\t\t\t\t\t\t\t\t\t<input size=\"1\" type=\"email\" name=\"form_fields[emailcontatti]\" id=\"form-field-emailcontatti\" class=\"elementor-field elementor-size-md  elementor-field-textual\" placeholder=\"Email\" required=\"required\">\n\t\t\t\t\t\t\t\t\t\t\t<\/div>\n\t\t\t\t\t\t\t\t<div class=\"elementor-field-type-text elementor-field-group elementor-column elementor-field-group-persona_cra elementor-col-100 elementor-field-required elementor-mark-required\">\n\t\t\t\t\t\t\t\t\t\t\t\t<label for=\"form-field-persona_cra\" class=\"elementor-field-label\">\n\t\t\t\t\t\t\t\tIl nome della persona cara\t\t\t\t\t\t\t<\/label>\n\t\t\t\t\t\t\t\t\t\t\t\t\t\t<input size=\"1\" type=\"text\" name=\"form_fields[persona_cra]\" id=\"form-field-persona_cra\" class=\"elementor-field elementor-size-md  elementor-field-textual\" placeholder=\"Il nome della persona cara\" required=\"required\">\n\t\t\t\t\t\t\t\t\t\t\t<\/div>\n\t\t\t\t\t\t\t\t<div class=\"elementor-field-type-checkbox elementor-field-group elementor-column elementor-field-group-card_targa elementor-col-100\">\n\t\t\t\t\t<div class=\"elementor-field-subgroup  \"><span class=\"elementor-field-option\"><input type=\"checkbox\" value=\"Desidero una card personalizzata\" id=\"form-field-card_targa-0\" name=\"form_fields[card_targa][]\"> <label for=\"form-field-card_targa-0\">Desidero una card personalizzata<\/label><\/span><span class=\"elementor-field-option\"><input type=\"checkbox\" value=\"Desidero una targa al Centro NeMO\" id=\"form-field-card_targa-1\" name=\"form_fields[card_targa][]\"> <label for=\"form-field-card_targa-1\">Desidero una targa al Centro NeMO<\/label><\/span><\/div>\t\t\t\t<\/div>\n\t\t\t\t\t\t\t\t<div class=\"elementor-field-type-textarea elementor-field-group elementor-column elementor-field-group-informazioninote elementor-col-100\">\n\t\t\t\t\t\t\t\t\t\t\t\t<label for=\"form-field-informazioninote\" class=\"elementor-field-label\">\n\t\t\t\t\t\t\t\tAggiungi informazioni o note\t\t\t\t\t\t\t<\/label>\n\t\t\t\t\t\t<textarea class=\"elementor-field-textual elementor-field  elementor-size-md\" name=\"form_fields[informazioninote]\" id=\"form-field-informazioninote\" rows=\"4\"><\/textarea>\t\t\t\t<\/div>\n\t\t\t\t\t\t\t\t<div class=\"elementor-field-type-html elementor-field-group elementor-column elementor-field-group-field_2f70a10 elementor-col-100\">\n\t\t\t\t\t<div style=\"margin-top:15px; font-size: 75%\">Fondazione Serena ETS si impegna a proteggere e rispettare la privacy degli utenti: le informazioni personali raccolte in questo form vengono utilizzate solo ai fini indicati nell'oggetto del presente contenuto. Per ulteriori informazioni riguardanti le normative e le regolamentazione dei dati personali all'interno dei canali digitali e web di Fondazione Serena ETS, si prega di consultare l'INFORMATIVA IN MATERIA DI PROTEZIONE DEI DATI PERSONALI ai sensi degli articoli 13 e 14 del Regolamento (UE) 2016\/679 <a href=\"https:\/\/www.centrocliniconemo.it\/privacy-policy\/\">cliccando qui<\/a>.\n<\/div>\t\t\t\t<\/div>\n\t\t\t\t\t\t\t\t<div class=\"elementor-field-type-acceptance elementor-field-group elementor-column elementor-field-group-field_f7bb69f elementor-col-100 elementor-field-required elementor-mark-required\">\n\t\t\t\t\t\t\t\t\t\t\t\t<label for=\"form-field-field_f7bb69f\" class=\"elementor-field-label\">\n\t\t\t\t\t\t\t\tPrivacy\t\t\t\t\t\t\t<\/label>\n\t\t\t\t\t\t\t\t<div class=\"elementor-field-subgroup\">\n\t\t\t<span class=\"elementor-field-option\">\n\t\t\t\t<input type=\"checkbox\" name=\"form_fields[field_f7bb69f]\" id=\"form-field-field_f7bb69f\" class=\"elementor-field elementor-size-md  elementor-acceptance-field\" required=\"required\">\n\t\t\t\t<label for=\"form-field-field_f7bb69f\">Accetto l'informativa Privacy di Centro Clinico NeMO<\/label>\t\t\t<\/span>\n\t\t<\/div>\n\t\t\t\t\t\t<\/div>\n\t\t\t\t\t\t\t\t<div class=\"elementor-field-type-recaptcha_v3 elementor-field-group elementor-column elementor-field-group-recaptcha elementor-col-100 recaptcha_v3-bottomright\">\n\t\t\t\t\t<div class=\"elementor-field\" id=\"form-field-recaptcha\"><div class=\"elementor-g-recaptcha\" data-sitekey=\"6LeH5iEkAAAAAGHmJZ7rpzk5DcuAUHGhoof-E-UN\" data-type=\"v3\" data-action=\"Form\" data-badge=\"bottomright\" data-size=\"invisible\"><\/div><\/div>\t\t\t\t<\/div>\n\t\t\t\t\t\t\t\t<div class=\"elementor-field-group elementor-column elementor-field-type-submit elementor-col-100 e-form__buttons\">\n\t\t\t\t\t<button class=\"elementor-button elementor-size-md\" type=\"submit\">\n\t\t\t\t\t\t<span class=\"elementor-button-content-wrapper\">\n\t\t\t\t\t\t\t\t\t\t\t\t\t\t\t\t\t\t\t\t\t\t<span class=\"elementor-button-text\">Invia<\/span>\n\t\t\t\t\t\t\t\t\t\t\t\t\t<\/span>\n\t\t\t\t\t<\/button>\n\t\t\t\t<\/div>\n\t\t\t<\/div>\n\t\t<\/form>\n\t\t\t\t\t\t<\/div>\n\t\t\t\t<\/div>\n\t\t\t\t<\/div>\n\t\t\t\t<\/div>\n\t\t\t\t<\/div>\n\t\t","protected":false},"excerpt":{"rendered":"<p>Donazione in memoria Ricorda una persona cara con un gesto speciale che rester\u00e0 nel tempo, il suo ricordo vivr\u00e0 nelle persone che curiamo ogni giorno.\u00a0 Un gesto che rester\u00e0 nel tempo. Una donazione in memoria \u00e8 un gesto altruistico e commovente, che onora il ricordo di una persona cara e sostiene i valori in cui [&hellip;]<\/p>\n","protected":false},"author":1,"featured_media":0,"parent":182,"menu_order":0,"comment_status":"closed","ping_status":"closed","template":"","meta":{"pgc_sgb_lightbox_settings":"","totale-raccolto-evento":"","footnotes":""},"categoria-pagine":[40],"class_list":["post-14227","page","type-page","status-publish","hentry","categoria-pagine-come-sostenerci"],"yoast_head":"<!-- This site is optimized with the Yoast SEO plugin v27.4 - https:\/\/yoast.com\/product\/yoast-seo-wordpress\/ -->\n<title>Donazione in memoria - Centro Clinico NeMO<\/title>\n<meta name=\"robots\" content=\"index, follow, max-snippet:-1, max-image-preview:large, max-video-preview:-1\" \/>\n<link rel=\"canonical\" href=\"https:\/\/www.centrocliniconemo.it\/en\/sostienici\/donazione-in-memoria\/\" \/>\n<meta property=\"og:locale\" content=\"en_US\" \/>\n<meta property=\"og:type\" content=\"article\" \/>\n<meta property=\"og:title\" content=\"Donazione in memoria - Centro Clinico NeMO\" \/>\n<meta property=\"og:description\" content=\"Donazione in memoria Ricorda una persona cara con un gesto speciale che rester\u00e0 nel tempo, il suo ricordo vivr\u00e0 nelle persone che curiamo ogni giorno.\u00a0 Un gesto che rester\u00e0 nel tempo. Una donazione in memoria \u00e8 un gesto altruistico e commovente, che onora il ricordo di una persona cara e sostiene i valori in cui [&hellip;]\" \/>\n<meta property=\"og:url\" content=\"https:\/\/www.centrocliniconemo.it\/en\/sostienici\/donazione-in-memoria\/\" \/>\n<meta property=\"og:site_name\" content=\"Centro Clinico NeMO\" \/>\n<meta property=\"article:publisher\" content=\"https:\/\/www.facebook.com\/CentroNEMOItalia\" \/>\n<meta property=\"article:modified_time\" content=\"2026-02-18T08:51:15+00:00\" \/>\n<meta property=\"og:image\" content=\"https:\/\/www.centrocliniconemo.it\/wp-content\/uploads\/2023\/07\/prevsoc.jpg\" \/>\n\t<meta property=\"og:image:width\" content=\"1200\" \/>\n\t<meta property=\"og:image:height\" content=\"630\" \/>\n\t<meta property=\"og:image:type\" content=\"image\/jpeg\" \/>\n<meta name=\"twitter:card\" content=\"summary_large_image\" \/>\n<meta name=\"twitter:site\" content=\"@CentroNemo\" \/>\n<meta name=\"twitter:label1\" content=\"Est. reading time\" \/>\n\t<meta name=\"twitter:data1\" content=\"4 minutes\" \/>\n<script type=\"application\/ld+json\" class=\"yoast-schema-graph\">{\"@context\":\"https:\\\/\\\/schema.org\",\"@graph\":[{\"@type\":\"WebPage\",\"@id\":\"https:\\\/\\\/www.centrocliniconemo.it\\\/en\\\/sostienici\\\/donazione-in-memoria\\\/\",\"url\":\"https:\\\/\\\/www.centrocliniconemo.it\\\/en\\\/sostienici\\\/donazione-in-memoria\\\/\",\"name\":\"Donazione in memoria - Centro Clinico NeMO\",\"isPartOf\":{\"@id\":\"https:\\\/\\\/www.centrocliniconemo.it\\\/en\\\/#website\"},\"primaryImageOfPage\":{\"@id\":\"https:\\\/\\\/www.centrocliniconemo.it\\\/en\\\/sostienici\\\/donazione-in-memoria\\\/#primaryimage\"},\"image\":{\"@id\":\"https:\\\/\\\/www.centrocliniconemo.it\\\/en\\\/sostienici\\\/donazione-in-memoria\\\/#primaryimage\"},\"thumbnailUrl\":\"https:\\\/\\\/www.centrocliniconemo.it\\\/wp-content\\\/uploads\\\/2023\\\/05\\\/icona-donazione-in-memoria.svg\",\"datePublished\":\"2023-09-14T11:19:33+00:00\",\"dateModified\":\"2026-02-18T08:51:15+00:00\",\"breadcrumb\":{\"@id\":\"https:\\\/\\\/www.centrocliniconemo.it\\\/en\\\/sostienici\\\/donazione-in-memoria\\\/#breadcrumb\"},\"inLanguage\":\"en-US\",\"potentialAction\":[{\"@type\":\"ReadAction\",\"target\":[\"https:\\\/\\\/www.centrocliniconemo.it\\\/en\\\/sostienici\\\/donazione-in-memoria\\\/\"]}]},{\"@type\":\"ImageObject\",\"inLanguage\":\"en-US\",\"@id\":\"https:\\\/\\\/www.centrocliniconemo.it\\\/en\\\/sostienici\\\/donazione-in-memoria\\\/#primaryimage\",\"url\":\"https:\\\/\\\/www.centrocliniconemo.it\\\/wp-content\\\/uploads\\\/2023\\\/05\\\/icona-donazione-in-memoria.svg\",\"contentUrl\":\"https:\\\/\\\/www.centrocliniconemo.it\\\/wp-content\\\/uploads\\\/2023\\\/05\\\/icona-donazione-in-memoria.svg\"},{\"@type\":\"BreadcrumbList\",\"@id\":\"https:\\\/\\\/www.centrocliniconemo.it\\\/en\\\/sostienici\\\/donazione-in-memoria\\\/#breadcrumb\",\"itemListElement\":[{\"@type\":\"ListItem\",\"position\":1,\"name\":\"Home\",\"item\":\"https:\\\/\\\/www.centrocliniconemo.it\\\/en\\\/\"},{\"@type\":\"ListItem\",\"position\":2,\"name\":\"Come sostenerci\",\"item\":\"https:\\\/\\\/www.centrocliniconemo.it\\\/en\\\/sostienici\\\/\"},{\"@type\":\"ListItem\",\"position\":3,\"name\":\"Donazione in memoria\"}]},{\"@type\":\"WebSite\",\"@id\":\"https:\\\/\\\/www.centrocliniconemo.it\\\/en\\\/#website\",\"url\":\"https:\\\/\\\/www.centrocliniconemo.it\\\/en\\\/\",\"name\":\"Centro Clinico NeMO\",\"description\":\"Il paziente al centro\",\"publisher\":{\"@id\":\"https:\\\/\\\/www.centrocliniconemo.it\\\/en\\\/#organization\"},\"potentialAction\":[{\"@type\":\"SearchAction\",\"target\":{\"@type\":\"EntryPoint\",\"urlTemplate\":\"https:\\\/\\\/www.centrocliniconemo.it\\\/en\\\/?s={search_term_string}\"},\"query-input\":{\"@type\":\"PropertyValueSpecification\",\"valueRequired\":true,\"valueName\":\"search_term_string\"}}],\"inLanguage\":\"en-US\"},{\"@type\":\"Organization\",\"@id\":\"https:\\\/\\\/www.centrocliniconemo.it\\\/en\\\/#organization\",\"name\":\"Centro Clinico NeMO - Fondazione Serena Onlus\",\"url\":\"https:\\\/\\\/www.centrocliniconemo.it\\\/en\\\/\",\"logo\":{\"@type\":\"ImageObject\",\"inLanguage\":\"en-US\",\"@id\":\"https:\\\/\\\/www.centrocliniconemo.it\\\/en\\\/#\\\/schema\\\/logo\\\/image\\\/\",\"url\":\"https:\\\/\\\/www.centrocliniconemo.it\\\/wp-content\\\/uploads\\\/2023\\\/03\\\/logo-nemo.svg\",\"contentUrl\":\"https:\\\/\\\/www.centrocliniconemo.it\\\/wp-content\\\/uploads\\\/2023\\\/03\\\/logo-nemo.svg\",\"width\":272,\"height\":109.142,\"caption\":\"Centro Clinico NeMO - Fondazione Serena Onlus\"},\"image\":{\"@id\":\"https:\\\/\\\/www.centrocliniconemo.it\\\/en\\\/#\\\/schema\\\/logo\\\/image\\\/\"},\"sameAs\":[\"https:\\\/\\\/www.facebook.com\\\/CentroNEMOItalia\",\"https:\\\/\\\/x.com\\\/CentroNemo\",\"https:\\\/\\\/www.linkedin.com\\\/company\\\/centrocliniconemo\\\/\",\"https:\\\/\\\/www.instagram.com\\\/centrocliniconemo\\\/\"]}]}<\/script>\n<!-- \/ Yoast SEO plugin. -->","yoast_head_json":{"title":"Donazione in memoria - Centro Clinico NeMO","robots":{"index":"index","follow":"follow","max-snippet":"max-snippet:-1","max-image-preview":"max-image-preview:large","max-video-preview":"max-video-preview:-1"},"canonical":"https:\/\/www.centrocliniconemo.it\/en\/sostienici\/donazione-in-memoria\/","og_locale":"en_US","og_type":"article","og_title":"Donazione in memoria - Centro Clinico NeMO","og_description":"Donazione in memoria Ricorda una persona cara con un gesto speciale che rester\u00e0 nel tempo, il suo ricordo vivr\u00e0 nelle persone che curiamo ogni giorno.\u00a0 Un gesto che rester\u00e0 nel tempo. Una donazione in memoria \u00e8 un gesto altruistico e commovente, che onora il ricordo di una persona cara e sostiene i valori in cui [&hellip;]","og_url":"https:\/\/www.centrocliniconemo.it\/en\/sostienici\/donazione-in-memoria\/","og_site_name":"Centro Clinico NeMO","article_publisher":"https:\/\/www.facebook.com\/CentroNEMOItalia","article_modified_time":"2026-02-18T08:51:15+00:00","og_image":[{"width":1200,"height":630,"url":"https:\/\/www.centrocliniconemo.it\/wp-content\/uploads\/2023\/07\/prevsoc.jpg","type":"image\/jpeg"}],"twitter_card":"summary_large_image","twitter_site":"@CentroNemo","twitter_misc":{"Est. reading time":"4 minutes"},"schema":{"@context":"https:\/\/schema.org","@graph":[{"@type":"WebPage","@id":"https:\/\/www.centrocliniconemo.it\/en\/sostienici\/donazione-in-memoria\/","url":"https:\/\/www.centrocliniconemo.it\/en\/sostienici\/donazione-in-memoria\/","name":"Donazione in memoria - Centro Clinico NeMO","isPartOf":{"@id":"https:\/\/www.centrocliniconemo.it\/en\/#website"},"primaryImageOfPage":{"@id":"https:\/\/www.centrocliniconemo.it\/en\/sostienici\/donazione-in-memoria\/#primaryimage"},"image":{"@id":"https:\/\/www.centrocliniconemo.it\/en\/sostienici\/donazione-in-memoria\/#primaryimage"},"thumbnailUrl":"https:\/\/www.centrocliniconemo.it\/wp-content\/uploads\/2023\/05\/icona-donazione-in-memoria.svg","datePublished":"2023-09-14T11:19:33+00:00","dateModified":"2026-02-18T08:51:15+00:00","breadcrumb":{"@id":"https:\/\/www.centrocliniconemo.it\/en\/sostienici\/donazione-in-memoria\/#breadcrumb"},"inLanguage":"en-US","potentialAction":[{"@type":"ReadAction","target":["https:\/\/www.centrocliniconemo.it\/en\/sostienici\/donazione-in-memoria\/"]}]},{"@type":"ImageObject","inLanguage":"en-US","@id":"https:\/\/www.centrocliniconemo.it\/en\/sostienici\/donazione-in-memoria\/#primaryimage","url":"https:\/\/www.centrocliniconemo.it\/wp-content\/uploads\/2023\/05\/icona-donazione-in-memoria.svg","contentUrl":"https:\/\/www.centrocliniconemo.it\/wp-content\/uploads\/2023\/05\/icona-donazione-in-memoria.svg"},{"@type":"BreadcrumbList","@id":"https:\/\/www.centrocliniconemo.it\/en\/sostienici\/donazione-in-memoria\/#breadcrumb","itemListElement":[{"@type":"ListItem","position":1,"name":"Home","item":"https:\/\/www.centrocliniconemo.it\/en\/"},{"@type":"ListItem","position":2,"name":"Come sostenerci","item":"https:\/\/www.centrocliniconemo.it\/en\/sostienici\/"},{"@type":"ListItem","position":3,"name":"Donazione in memoria"}]},{"@type":"WebSite","@id":"https:\/\/www.centrocliniconemo.it\/en\/#website","url":"https:\/\/www.centrocliniconemo.it\/en\/","name":"Centro Clinico NeMO","description":"Il paziente al centro","publisher":{"@id":"https:\/\/www.centrocliniconemo.it\/en\/#organization"},"potentialAction":[{"@type":"SearchAction","target":{"@type":"EntryPoint","urlTemplate":"https:\/\/www.centrocliniconemo.it\/en\/?s={search_term_string}"},"query-input":{"@type":"PropertyValueSpecification","valueRequired":true,"valueName":"search_term_string"}}],"inLanguage":"en-US"},{"@type":"Organization","@id":"https:\/\/www.centrocliniconemo.it\/en\/#organization","name":"Centro Clinico NeMO - Fondazione Serena Onlus","url":"https:\/\/www.centrocliniconemo.it\/en\/","logo":{"@type":"ImageObject","inLanguage":"en-US","@id":"https:\/\/www.centrocliniconemo.it\/en\/#\/schema\/logo\/image\/","url":"https:\/\/www.centrocliniconemo.it\/wp-content\/uploads\/2023\/03\/logo-nemo.svg","contentUrl":"https:\/\/www.centrocliniconemo.it\/wp-content\/uploads\/2023\/03\/logo-nemo.svg","width":272,"height":109.142,"caption":"Centro Clinico NeMO - Fondazione Serena Onlus"},"image":{"@id":"https:\/\/www.centrocliniconemo.it\/en\/#\/schema\/logo\/image\/"},"sameAs":["https:\/\/www.facebook.com\/CentroNEMOItalia","https:\/\/x.com\/CentroNemo","https:\/\/www.linkedin.com\/company\/centrocliniconemo\/","https:\/\/www.instagram.com\/centrocliniconemo\/"]}]}},"_links":{"self":[{"href":"https:\/\/www.centrocliniconemo.it\/en\/wp-json\/wp\/v2\/pages\/14227","targetHints":{"allow":["GET"]}}],"collection":[{"href":"https:\/\/www.centrocliniconemo.it\/en\/wp-json\/wp\/v2\/pages"}],"about":[{"href":"https:\/\/www.centrocliniconemo.it\/en\/wp-json\/wp\/v2\/types\/page"}],"author":[{"embeddable":true,"href":"https:\/\/www.centrocliniconemo.it\/en\/wp-json\/wp\/v2\/users\/1"}],"replies":[{"embeddable":true,"href":"https:\/\/www.centrocliniconemo.it\/en\/wp-json\/wp\/v2\/comments?post=14227"}],"version-history":[{"count":7,"href":"https:\/\/www.centrocliniconemo.it\/en\/wp-json\/wp\/v2\/pages\/14227\/revisions"}],"predecessor-version":[{"id":26316,"href":"https:\/\/www.centrocliniconemo.it\/en\/wp-json\/wp\/v2\/pages\/14227\/revisions\/26316"}],"up":[{"embeddable":true,"href":"https:\/\/www.centrocliniconemo.it\/en\/wp-json\/wp\/v2\/pages\/182"}],"wp:attachment":[{"href":"https:\/\/www.centrocliniconemo.it\/en\/wp-json\/wp\/v2\/media?parent=14227"}],"wp:term":[{"taxonomy":"categoria-pagine","embeddable":true,"href":"https:\/\/www.centrocliniconemo.it\/en\/wp-json\/wp\/v2\/categoria-pagine?post=14227"}],"curies":[{"name":"wp","href":"https:\/\/api.w.org\/{rel}","templated":true}]}}